{"id":137,"date":"2024-04-23T11:01:56","date_gmt":"2024-04-23T11:01:56","guid":{"rendered":"https:\/\/carlaberatio.com\/aberatismnytt\/?page_id=137"},"modified":"2024-04-24T16:13:24","modified_gmt":"2024-04-24T16:13:24","slug":"empedokles","status":"publish","type":"page","link":"https:\/\/carlaberatio.com\/aberatismnytt\/idehistoria-och-filosofer\/de-joniska-naturfilosoferna\/empedokles\/","title":{"rendered":"Empedokles"},"content":{"rendered":"\n<p>Innan jag g\u00e5r vidare och l\u00e4mnar naturfilosoferna b\u00f6r jag n\u00e4mna en person till. F\u00f6r det var ju inte atoml\u00e4ran &#8211; vilken jag tillskrev Demokritos &#8211; som var den dominerande teorin kring&nbsp;<em>arche<\/em>, utan elementl\u00e4ran.&nbsp;<\/p>\n\n\n\n<p>Denna brukar vanligtvis tillskrivas Empedokles som troligtvis levde 492-432 f.kr.\u00a0<br>Han utgick ifr\u00e5n att alltings urmateria inte bara bestod av <em>ett <\/em>\u00e4mne utan flera och att dessa kunde komineras i olika grad f\u00f6r att ge upphov till den v\u00e4rld och natur som omger oss.\u00a0<\/p>\n\n\n\n<p>De \u00e4mnen han v\u00e4ljer \u00e4r fyra: jord, vatten, eld och luft, d\u00e5 dessa kan repressentera de olika former i vilken materian kan uppst\u00e5 som; fast, flytande, brinnande och gas. Just de fyra har dessutom redan existerat var f\u00f6r sig i olika teorier om alltings&nbsp;<em>arche<\/em>.&nbsp;<\/p>\n\n\n\n<p>Empedokles \u201ckompromissar\u201d \u00e4ven d\u00e5 det g\u00e4ller&nbsp;<em>f\u00f6r\u00e4ndringens problem<\/em>. V\u00e4rlden \u00e4r b\u00e5de f\u00f6r\u00e4nderlig och fast. Bakom allting \u00e4r v\u00e4rlden of\u00f6r\u00e4ndelig, den kan inte ha uppst\u00e5tt ur ett icke-vara. Samtidigt existerar v\u00e4xlingar och framf\u00f6rallt blandningar i naturen.&nbsp;<\/p>\n\n\n\n<p>De krafter som uppl\u00f6ser och f\u00f6renar de olika elementen kallar han f\u00f6r hat och k\u00e4rlek och v\u00e4rlden bygger p\u00e5 mots\u00e4ttningarna mellan dessa tv\u00e5. Om den ena skulle dominera blir resultatet att den v\u00e4rld vi k\u00e4nner till g\u00e5r under. D\u00e4rmed finns en likhet med Herakleitos.&nbsp;<\/p>\n\n\n\n<p>V\u00e4rlden \u00e4r st\u00e4ndig i r\u00f6relse antingen mot k\u00e4rleken, f\u00f6reningen och blandningen eller mot hatet och splittringen. Den v\u00e4rld vi k\u00e4nner till skulle d\u00e5 ha uppst\u00e5tt ur n\u00e5gon sorts gr\u00e4nsl\u00f6shet som senare, n\u00e4r den gick in i den splittrande kraften, delas upp i himmel, hav, luft, eld osv. S\u00e5 sm\u00e5ningom kommer den f\u00f6renande kraften \u00e5terigen ta \u00f6ver och detta f\u00f6rlopp, denna v\u00e4xling, kommer st\u00e4ndigt att fortg\u00e5.\u00a0<\/p>\n\n\n\n<p>Empedokles elementl\u00e4ra kom att bli den dominerande om materians sammans\u00e4ttning. Inte bara under antiken utan \u00e4ven under de n\u00e4stkommande 2000 \u00e5ren i Europa.\u00a0<\/p>\n","protected":false},"excerpt":{"rendered":"<p>Innan jag g\u00e5r vidare och l\u00e4mnar naturfilosoferna b\u00f6r jag n\u00e4mna en person till. F\u00f6r det var ju inte atoml\u00e4ran &#8211; vilken jag tillskrev Demokritos &#8211; som var den dominerande teorin kring&nbsp;arche, utan elementl\u00e4ran.&nbsp; Denna brukar vanligtvis tillskrivas Empedokles som troligtvis levde 492-432 f.kr.\u00a0Han utgick ifr\u00e5n att alltings urmateria inte bara bestod av ett \u00e4mne utan&#8230;<\/p>\n","protected":false},"author":1,"featured_media":0,"parent":122,"menu_order":4,"comment_status":"open","ping_status":"closed","template":"","meta":{"footnotes":""},"class_list":["post-137","page","type-page","status-publish","hentry"],"_links":{"self":[{"href":"https:\/\/carlaberatio.com\/aberatismnytt\/wp-json\/wp\/v2\/pages\/137","targetHints":{"allow":["GET"]}}],"collection":[{"href":"https:\/\/carlaberatio.com\/aberatismnytt\/wp-json\/wp\/v2\/pages"}],"about":[{"href":"https:\/\/carlaberatio.com\/aberatismnytt\/wp-json\/wp\/v2\/types\/page"}],"author":[{"embeddable":true,"href":"https:\/\/carlaberatio.com\/aberatismnytt\/wp-json\/wp\/v2\/users\/1"}],"replies":[{"embeddable":true,"href":"https:\/\/carlaberatio.com\/aberatismnytt\/wp-json\/wp\/v2\/comments?post=137"}],"version-history":[{"count":2,"href":"https:\/\/carlaberatio.com\/aberatismnytt\/wp-json\/wp\/v2\/pages\/137\/revisions"}],"predecessor-version":[{"id":146,"href":"https:\/\/carlaberatio.com\/aberatismnytt\/wp-json\/wp\/v2\/pages\/137\/revisions\/146"}],"up":[{"embeddable":true,"href":"https:\/\/carlaberatio.com\/aberatismnytt\/wp-json\/wp\/v2\/pages\/122"}],"wp:attachment":[{"href":"https:\/\/carlaberatio.com\/aberatismnytt\/wp-json\/wp\/v2\/media?parent=137"}],"curies":[{"name":"wp","href":"https:\/\/api.w.org\/{rel}","templated":true}]}}